{"version":"1.0","provider_name":"ehlen","provider_url":"https:\/\/ehlendergisi.com","author_name":"admin","author_url":"https:\/\/ehlendergisi.com\/index.php\/author\/admin\/","title":"6 \u015eubat Deprem Felaketi: Antakya ve Suriye\u2019nin Ahvali - ehlen","type":"rich","width":600,"height":338,"html":"<blockquote class=\"wp-embedded-content\" data-secret=\"4blC9rpgwi\"><a href=\"https:\/\/ehlendergisi.com\/index.php\/2023\/06\/04\/6-subat-deprem-felaketi-antakya-ve-suriyenin-ahvali\/\">6 \u015eubat Deprem Felaketi: Antakya ve Suriye\u2019nin Ahvali<\/a><\/blockquote><iframe sandbox=\"allow-scripts\" security=\"restricted\" src=\"https:\/\/ehlendergisi.com\/index.php\/2023\/06\/04\/6-subat-deprem-felaketi-antakya-ve-suriyenin-ahvali\/embed\/#?secret=4blC9rpgwi\" width=\"600\" height=\"338\" title=\"&#8220;6 \u015eubat Deprem Felaketi: Antakya ve Suriye\u2019nin Ahvali&#8221; &#8212; ehlen\" data-secret=\"4blC9rpgwi\" frameborder=\"0\" marginwidth=\"0\" marginheight=\"0\" scrolling=\"no\" class=\"wp-embedded-content\"><\/iframe><script type=\"text\/javascript\">\n\/* <![CDATA[ *\/\n\/*! This file is auto-generated *\/\n!function(d,l){\"use strict\";l.querySelector&&d.addEventListener&&\"undefined\"!=typeof URL&&(d.wp=d.wp||{},d.wp.receiveEmbedMessage||(d.wp.receiveEmbedMessage=function(e){var t=e.data;if((t||t.secret||t.message||t.value)&&!\/[^a-zA-Z0-9]\/.test(t.secret)){for(var s,r,n,a=l.querySelectorAll('iframe[data-secret=\"'+t.secret+'\"]'),o=l.querySelectorAll('blockquote[data-secret=\"'+t.secret+'\"]'),c=new RegExp(\"^https?:$\",\"i\"),i=0;i<o.length;i++)o[i].style.display=\"none\";for(i=0;i<a.length;i++)s=a[i],e.source===s.contentWindow&&(s.removeAttribute(\"style\"),\"height\"===t.message?(1e3<(r=parseInt(t.value,10))?r=1e3:~~r<200&&(r=200),s.height=r):\"link\"===t.message&&(r=new URL(s.getAttribute(\"src\")),n=new URL(t.value),c.test(n.protocol))&&n.host===r.host&&l.activeElement===s&&(d.top.location.href=t.value))}},d.addEventListener(\"message\",d.wp.receiveEmbedMessage,!1),l.addEventListener(\"DOMContentLoaded\",function(){for(var e,t,s=l.querySelectorAll(\"iframe.wp-embedded-content\"),r=0;r<s.length;r++)(t=(e=s[r]).getAttribute(\"data-secret\"))||(t=Math.random().toString(36).substring(2,12),e.src+=\"#?secret=\"+t,e.setAttribute(\"data-secret\",t)),e.contentWindow.postMessage({message:\"ready\",secret:t},\"*\")},!1)))}(window,document);\n\/\/# sourceURL=https:\/\/ehlendergisi.com\/wp-includes\/js\/wp-embed.min.js\n\/* ]]> *\/\n<\/script>\n","thumbnail_url":"http:\/\/ehlendergisi.com\/wp-content\/uploads\/2023\/06\/FvD4uRQWYAwutNn.jpeg","thumbnail_width":2048,"thumbnail_height":1536,"description":"Hasan Sivri Mara\u015f merkezli olmas\u0131na ra\u011fmen en \u00e7ok Antakya ve civar\u0131n\u0131n y\u0131k\u0131ma u\u011frad\u0131\u011f\u0131 6 \u015eubat deprem felaketinin \u00fczerinden aylar ge\u00e7ti fakat en az deprem kadar y\u0131k\u0131c\u0131 etkileri olan politikalardan dolay\u0131 ba\u015fta Antakya ve Samanda\u011f olmak \u00fczere halk\u0131n \u00e7o\u011funlu\u011fu \u00e7ok zor \u015fartlar alt\u0131nda ya\u015famaya devam ediyor. Deprem b\u00f6lgesini ziyaret eden herkes, yetkililerin izledi\u011fi afet y\u00f6netim politikalar\u0131n\u0131n, [&hellip;]"}